{"id":14587,"date":"2023-10-04T10:50:59","date_gmt":"2023-10-04T08:50:59","guid":{"rendered":"https:\/\/digitalhealthconnect.ch\/speakers-2019\/"},"modified":"2025-03-07T10:06:30","modified_gmt":"2025-03-07T09:06:30","slug":"speakers-2019","status":"publish","type":"page","link":"https:\/\/digitalhealthconnect.ch\/en\/speakers-2019\/","title":{"rendered":"Speakers 2019"},"content":{"rendered":"\t\t<div data-elementor-type=\"wp-page\" data-elementor-id=\"14587\" class=\"elementor elementor-14587 elementor-11010\" data-elementor-post-type=\"page\">\n\t\t\t\t<div class=\"elementor-element elementor-element-e6abfc4 e-flex e-con-boxed e-con e-parent\" data-id=\"e6abfc4\" data-element_type=\"container\" data-e-type=\"container\">\n\t\t\t\t\t<div class=\"e-con-inner\">\n\t\t\t\t<div class=\"elementor-element elementor-element-7608ed0 elementor-widget elementor-widget-text-editor\" data-id=\"7608ed0\" data-element_type=\"widget\" data-e-type=\"widget\" data-widget_type=\"text-editor.default\">\n\t\t\t\t<div class=\"elementor-widget-container\">\n\t\t\t\t\t\t\t\t\t<h1 style=\"text-align: center;\"><span style=\"color: #ba007d;\">SPEAKERS 2019<\/span><\/h1><p style=\"text-align: center;\"><span style=\"color: #000000;\">Find out more about the speakers at Digital Health Connect 2019!<\/span><\/p>\t\t\t\t\t\t\t\t<\/div>\n\t\t\t\t<\/div>\n\t\t\t\t\t<\/div>\n\t\t\t\t<\/div>\n\t\t<div class=\"elementor-element elementor-element-57b31424 e-flex e-con-boxed e-con e-parent\" data-id=\"57b31424\" data-element_type=\"container\" data-e-type=\"container\">\n\t\t\t\t\t<div class=\"e-con-inner\">\n\t\t<div class=\"elementor-element elementor-element-4076cd52 e-con-full e-flex e-con e-child\" data-id=\"4076cd52\" data-element_type=\"container\" data-e-type=\"container\">\n\t\t\t\t<div class=\"elementor-element elementor-element-a30145d elementor-nav-menu__align-center elementor-nav-menu--dropdown-mobile elementor-nav-menu__text-align-center elementor-nav-menu--toggle elementor-nav-menu--burger elementor-widget elementor-widget-nav-menu\" data-id=\"a30145d\" data-element_type=\"widget\" data-e-type=\"widget\" data-settings=\"{&quot;layout&quot;:&quot;horizontal&quot;,&quot;submenu_icon&quot;:{&quot;value&quot;:&quot;&lt;i class=\\&quot;fas fa-caret-down\\&quot; aria-hidden=\\&quot;true\\&quot;&gt;&lt;\\\/i&gt;&quot;,&quot;library&quot;:&quot;fa-solid&quot;},&quot;toggle&quot;:&quot;burger&quot;}\" data-widget_type=\"nav-menu.default\">\n\t\t\t\t<div class=\"elementor-widget-container\">\n\t\t\t\t\t\t\t\t<nav aria-label=\"Menu\" class=\"elementor-nav-menu--main elementor-nav-menu__container elementor-nav-menu--layout-horizontal e--pointer-text e--animation-none\">\n\t\t\t\t<ul id=\"menu-1-a30145d\" class=\"elementor-nav-menu\"><li class=\"menu-item menu-item-type-post_type menu-item-object-page menu-item-17460\"><a href=\"https:\/\/digitalhealthconnect.ch\/en\/speakers-2024\/\" class=\"elementor-item\">2024<\/a><\/li>\n<li class=\"menu-item menu-item-type-post_type menu-item-object-page menu-item-16541\"><a href=\"https:\/\/digitalhealthconnect.ch\/en\/speakers-2023\/\" class=\"elementor-item\">2023<\/a><\/li>\n<li class=\"menu-item menu-item-type-post_type menu-item-object-page menu-item-16540\"><a href=\"https:\/\/digitalhealthconnect.ch\/en\/speakers-2022\/\" class=\"elementor-item\">2022<\/a><\/li>\n<li class=\"menu-item menu-item-type-post_type menu-item-object-page menu-item-16539\"><a href=\"https:\/\/digitalhealthconnect.ch\/en\/speakers-2021\/\" class=\"elementor-item\">2021<\/a><\/li>\n<li class=\"menu-item menu-item-type-post_type menu-item-object-page menu-item-16538\"><a href=\"https:\/\/digitalhealthconnect.ch\/en\/speakers-2020\/\" class=\"elementor-item\">2020<\/a><\/li>\n<li class=\"menu-item menu-item-type-post_type menu-item-object-page menu-item-16537\"><a href=\"https:\/\/digitalhealthconnect.ch\/en\/speakers-2019\/\" class=\"elementor-item\">2019<\/a><\/li>\n<\/ul>\t\t\t<\/nav>\n\t\t\t\t\t<div class=\"elementor-menu-toggle\" role=\"button\" tabindex=\"0\" aria-label=\"Menu Toggle\" aria-expanded=\"false\">\n\t\t\t<i aria-hidden=\"true\" role=\"presentation\" class=\"elementor-menu-toggle__icon--open fas fa-plus-circle\"><\/i><i aria-hidden=\"true\" role=\"presentation\" class=\"elementor-menu-toggle__icon--close eicon-close\"><\/i>\t\t<\/div>\n\t\t\t\t\t<nav class=\"elementor-nav-menu--dropdown elementor-nav-menu__container\" aria-hidden=\"true\">\n\t\t\t\t<ul id=\"menu-2-a30145d\" class=\"elementor-nav-menu\"><li class=\"menu-item menu-item-type-post_type menu-item-object-page menu-item-17460\"><a href=\"https:\/\/digitalhealthconnect.ch\/en\/speakers-2024\/\" class=\"elementor-item\" tabindex=\"-1\">2024<\/a><\/li>\n<li class=\"menu-item menu-item-type-post_type menu-item-object-page menu-item-16541\"><a href=\"https:\/\/digitalhealthconnect.ch\/en\/speakers-2023\/\" class=\"elementor-item\" tabindex=\"-1\">2023<\/a><\/li>\n<li class=\"menu-item menu-item-type-post_type menu-item-object-page menu-item-16540\"><a href=\"https:\/\/digitalhealthconnect.ch\/en\/speakers-2022\/\" class=\"elementor-item\" tabindex=\"-1\">2022<\/a><\/li>\n<li class=\"menu-item menu-item-type-post_type menu-item-object-page menu-item-16539\"><a href=\"https:\/\/digitalhealthconnect.ch\/en\/speakers-2021\/\" class=\"elementor-item\" tabindex=\"-1\">2021<\/a><\/li>\n<li class=\"menu-item menu-item-type-post_type menu-item-object-page menu-item-16538\"><a href=\"https:\/\/digitalhealthconnect.ch\/en\/speakers-2020\/\" class=\"elementor-item\" tabindex=\"-1\">2020<\/a><\/li>\n<li class=\"menu-item menu-item-type-post_type menu-item-object-page menu-item-16537\"><a href=\"https:\/\/digitalhealthconnect.ch\/en\/speakers-2019\/\" class=\"elementor-item\" tabindex=\"-1\">2019<\/a><\/li>\n<\/ul>\t\t\t<\/nav>\n\t\t\t\t\t\t<\/div>\n\t\t\t\t<\/div>\n\t\t\t\t<\/div>\n\t\t\t\t\t<\/div>\n\t\t\t\t<\/div>\n\t\t\t\t<section class=\"elementor-section elementor-top-section elementor-element elementor-element-4d35228e elementor-section-stretched elementor-section-boxed elementor-section-height-default elementor-section-height-default\" data-id=\"4d35228e\" data-element_type=\"section\" data-e-type=\"section\" data-settings=\"{&quot;background_background&quot;:&quot;classic&quot;,&quot;stretch_section&quot;:&quot;section-stretched&quot;,&quot;shape_divider_top&quot;:&quot;tilt&quot;,&quot;shape_divider_bottom&quot;:&quot;tilt&quot;}\">\n\t\t\t\t\t\t\t<div class=\"elementor-background-overlay\"><\/div>\n\t\t\t\t\t\t<div class=\"elementor-shape elementor-shape-top\" aria-hidden=\"true\" data-negative=\"false\">\n\t\t\t<svg xmlns=\"http:\/\/www.w3.org\/2000\/svg\" viewBox=\"0 0 1000 100\" preserveAspectRatio=\"none\">\n\t<path class=\"elementor-shape-fill\" d=\"M0,6V0h1000v100L0,6z\"\/>\n<\/svg>\t\t<\/div>\n\t\t\t\t<div class=\"elementor-shape elementor-shape-bottom\" aria-hidden=\"true\" data-negative=\"false\">\n\t\t\t<svg xmlns=\"http:\/\/www.w3.org\/2000\/svg\" viewBox=\"0 0 1000 100\" preserveAspectRatio=\"none\">\n\t<path class=\"elementor-shape-fill\" d=\"M0,6V0h1000v100L0,6z\"\/>\n<\/svg>\t\t<\/div>\n\t\t\t\t\t<div class=\"elementor-container elementor-column-gap-default\">\n\t\t\t\t\t<div class=\"elementor-column elementor-col-100 elementor-top-column elementor-element elementor-element-75b2910b\" data-id=\"75b2910b\" data-element_type=\"column\" data-e-type=\"column\">\n\t\t\t<div class=\"elementor-widget-wrap elementor-element-populated\">\n\t\t\t\t\t\t<div class=\"elementor-element elementor-element-29fe439e elementor-widget elementor-widget-spacer\" data-id=\"29fe439e\" data-element_type=\"widget\" data-e-type=\"widget\" data-widget_type=\"spacer.default\">\n\t\t\t\t<div class=\"elementor-widget-container\">\n\t\t\t\t\t\t\t<div class=\"elementor-spacer\">\n\t\t\t<div class=\"elementor-spacer-inner\"><\/div>\n\t\t<\/div>\n\t\t\t\t\t\t<\/div>\n\t\t\t\t<\/div>\n\t\t\t\t<div class=\"elementor-element elementor-element-f35741b elementor-widget elementor-widget-html\" data-id=\"f35741b\" data-element_type=\"widget\" data-e-type=\"widget\" data-widget_type=\"html.default\">\n\t\t\t\t<div class=\"elementor-widget-container\">\n\t\t\t\t\t<div class=\"ora_container\">\n    <div class=\"content\">\n        <div class=\"card1\" style=\"background-image: url('https:\/\/digitalhealthconnect.ch\/wp-content\/uploads\/2023\/10\/Benjamin-Errett-1.jpg'); background-size: cover; background-position: center;\">\n            <div class=\"ora_txt\">\n                <h3>BENJAMIN ERRETT<\/h3>\n                <p>Figure 1, Toronto<\/p>\n            <\/div>\n        <\/div>\n        <div class=\"card2\">\n            <div class=\"ora_around\">\n                <div class=\"ora-txt\">\n                    <h3>Directeur senior de la marque<\/h3>\n                    <h6><em><a href=\"https:\/\/www.figure1.com\/\">Figure 1<\/a>, Toronto (Canada)<\/em><\/h6>\n                    <p>Benjamin Errett est directeur principal de la marque \u00e0 <a href=\"https:\/\/www.figure1.com\/\"><b>Figure 1<\/b><\/a>, la plateforme mondiale de partage des connaissances pour les soins de sant\u00e9. Selon Wired, l\u2019entreprise \u00ab a le potentiel de devenir le syst\u00e8me nerveux central de la sant\u00e9 mondiale en am\u00e9liorant les diagnostics, les soins et les traitements pour les non-utilisateurs du monde entier \u00bb. Benjamin Erret a dirig\u00e9 la communaut\u00e9, les communications et les \u00e9quipes de croissance de l\u2019entreprise et a supervis\u00e9 son expansion dans le monde entier. Il a d\u00e9velopp\u00e9 le c\u00e9l\u00e8bre podcast DDx : <a href=\"https:\/\/podcasts.apple.com\/us\/podcast\/ddx\/id1355893387\">A Podcast About How Doctors Think<\/a> et est l\u2019auteur de trois livres.<\/p>\n                <\/div>\n            <\/div>\n        <\/div>\n    <\/div>\n     <div class=\"content\">\n        <div class=\"card1\" style=\"background-image: url('https:\/\/digitalhealthconnect.ch\/wp-content\/uploads\/2023\/10\/Yariv-Adan.png'); background-size: cover; background-position: center;\">\n            <div class=\"ora_txt\">\n                <h3>YARIV ADAN<\/h3>\n                <p>Google, Z\u00fcrich<\/p>\n            <\/div>\n        <\/div>\n        <div class=\"card2\">\n            <div class=\"ora_around\">\n                <div class=\"ora-txt\">\n                    <h3>Chef produits Google Assistant<\/h3>\n            <h6><em>Google, Z\u00fcrich (Suisse)<\/em><\/h6>\n            <p>Depuis plus de onze ans, Yariv Adan est chef de produits et dirige les \u00e9quipes produits de <a href=\"https:\/\/www.google.com\/about\/careers\/applications\/locations\/zurich\/\"><b>Google Z\u00fcrich<\/b><\/a>. V\u00e9ritable innovateur, il dirige actuellement l\u2019\u00e9quipe qui travaille sur le Google Assistant ! Leur objectif : d\u00e9velopper la reconnaissance vocale, le traitement d\u2019images et l\u2019intelligence contextuelle pour cr\u00e9er des services puissants, intuitifs et tr\u00e8s attrayants. Auparavant, il a travaill\u00e9 sur une vaste gamme de produits, notamment l\u2019infrastructure exclusive de Google, la confidentialit\u00e9 et la s\u00e9curit\u00e9, les produits con\u00e7us pour les march\u00e9s \u00e9mergents et les publicit\u00e9s YouTube.<\/p>\n                <\/div>\n            <\/div>\n        <\/div>\n    <\/div>\n     <div class=\"content\">\n        <div class=\"card1\" style=\"background-image: url('https:\/\/digitalhealthconnect.ch\/wp-content\/uploads\/2023\/10\/James-Wyman.png'); background-size: cover; background-position: center;\">\n            <div class=\"ora_txt\">\n                <h3>James WYMAN<\/h3>\n                <p>Pilo Health, Boston<\/p>\n            <\/div>\n        <\/div>\n        <div class=\"card2\">\n            <div class=\"ora_around\">\n                <div class=\"ora-txt\">\n                    <h3>Co-fondateur et directeur ex\u00e9cutif<\/h3>\n            <h6><a href=\"https:\/\/pillohealth.ermit.it\/\"><em>Pilo Health, Boston<\/em><\/a>, Boston (\u00c9tats-Unis)<\/h6>\n            <p>James Wyman est responsable des finances et des op\u00e9rations mondiales chez Pillo Health \u2013 une soci\u00e9t\u00e9 de gestion des soins num\u00e9riques \u00e0 domicile. Avant de travailler pour <a href=\"https:\/\/pillohealth.ermit.it\/\"><b>Pillo Health<\/b><\/a>, James a pass\u00e9 7 ans dans les industries financi\u00e8res et technologiques. Il a commenc\u00e9 sa carri\u00e8re chez Morgan Stanley, travaillant pour le cabinet \u00e0 Londres et \u00e0 New York. En 2011, il a fait partie de l\u2019\u00e9quipe fondatrice du groupe \u00ab Private Capital Markets \u00bb de Morgan Stanley, sp\u00e9cialis\u00e9 dans la lev\u00e9e de fonds propres et de fonds propres pour des soci\u00e9t\u00e9s priv\u00e9es dans les secteurs de la technologie, du commerce de d\u00e9tail et des services de sant\u00e9.<\/p>\n                <\/div>\n            <\/div>\n        <\/div>\n    <\/div>\n     <div class=\"content\">\n        <div class=\"card1\" style=\"background-image: url('https:\/\/digitalhealthconnect.ch\/wp-content\/uploads\/2023\/10\/Andre-Eiras-dos-Santos.png'); background-size: cover; background-position: center;\">\n            <div class=\"ora_txt\">\n                <h3>ANDR\u00c9 EIRAS DOS SANTOS<\/h3>\n                <p> Sword Health, Porto<\/p>\n            <\/div>\n        <\/div>\n        <div class=\"card2\">\n            <div class=\"ora_around\">\n                <div class=\"ora-txt\">\n                    <h3>CoO et General Manager<\/h3>\n            <h6><em><a href=\"https:\/\/swordhealth.com\/\">Sword Health<\/a>, Porto (Portugal)<\/em><\/h6>\n            <p>Fournisseur d\u2019une technologie disruptive et \u00e0 la pointe dans l\u2019industrie de la physioth\u00e9rapie, <a href=\"https:\/\/swordhealth.com\/\"><b>SWORD Health<\/b><\/a> d\u00e9veloppe sa solution dans le monde entier. Andre Eiras dos Santos est responsable de la gestion de la strat\u00e9gie, des op\u00e9rations et de la croissance pour SWORD Health dans la r\u00e9gion EMEA &amp; APAC. Passionn\u00e9 par l\u2019esprit d\u2019entreprise, l\u2019innovation et les soins de sant\u00e9, Andr\u00e9 a d\u2019abord obtenu sa ma\u00eetrise en g\u00e9nie biom\u00e9dical et est devenu sp\u00e9cialiste en \u00e9lectronique m\u00e9dicale de l\u2019Universit\u00e9 de Coimbra (Portugal). Depuis, il a d\u00e9j\u00e0 fond\u00e9 deux start-up, obtenu un MBA et rejoint SWORD Health.<\/p>\n                <\/div>\n            <\/div>\n        <\/div>\n    <\/div>\n    <div class=\"content\">\n        <div class=\"card1\" style=\"background-image: url('https:\/\/digitalhealthconnect.ch\/wp-content\/uploads\/2023\/10\/Romain-Boichat.jpg'); background-size: cover; background-position: center;\">\n            <div class=\"ora_txt\">\n                <h3>ROMAINS BOICHAT<\/h3>\n                <p> Soignez-moi.ch, Vevey<\/p>\n            <\/div>\n        <\/div>\n        <div class=\"card2\">\n            <div class=\"ora_around\">\n                <div class=\"ora-txt\">\n                    <h3>Co-fondateur<\/h3>\n            <h6><em><a href=\"https:\/\/www.soignez-moi.ch\/\">Soignez-moi.ch<\/a>, Vevey (Suisse)<\/em><\/h6>\n            <p>Dipl\u00f4m\u00e9 de l\u2019EPFL, suivi par un Master \u00e0 Carnegie Mellon (Pittsburgh, PA) et d\u2019un doctorat \u00e0 l\u2019EPFL en syst\u00e8mes de communication, Romain Boichat a \u00e9t\u00e9 le premier doyen du coll\u00e8ge du management de technologie de l\u2019EPFL. Afin de compl\u00e9ter sa formation en \u00e9conomie, Romain a effectu\u00e9 un MBA \u00e0 l\u2019IMD. Nomm\u00e9 ensuite Chef du Service des Automobiles et de la Navigation du canton de Vaud, il effectue un changement complet du service et des processus internes. Romain a cofond\u00e9 Corpus Health en 2016 avec comme objectif de mettre sur pied des projets novateurs dans le domaine de la sant\u00e9 dont <a href=\"https:\/\/www.soignez-moi.ch\/\"><b>Soignez-moi.ch<\/b><\/a><\/p>\n                <\/div>\n            <\/div>\n        <\/div>\n    <\/div>\n    <div class=\"content\">\n        <div class=\"card1\" style=\"background-image: url('https:\/\/digitalhealthconnect.ch\/wp-content\/uploads\/2023\/10\/Thierry-Perronnet.jpg'); background-size: cover; background-position: center;\">\n            <div class=\"ora_txt\">\n                <h3>THIERRY PERRONNET<\/h3>\n                <p> Avatarion, Z\u00fcrich<\/p>\n            <\/div>\n        <\/div>\n        <div class=\"card2\">\n            <div class=\"ora_around\">\n                <div class=\"ora-txt\">\n                    <h3>Directeur g\u00e9n\u00e9ral<\/h3>\n            <h6><em><a href=\"https:\/\/www.avatarion.ch\/\">Avatarion<\/a>, Z\u00fcrich (Suisse)<\/em><\/h6>\n            <p>Fort d\u2019une solide exp\u00e9rience dans le domaine des biens de consommation et principalement dans les march\u00e9s technologiques destin\u00e9s \u00e0 une client\u00e8le d\u2019entreprises, Thierry Perronnet a occup\u00e9 divers postes de direction dans les ventes et le marketing en Europe et en Am\u00e9rique du Nord. Il a notamment \u00e9t\u00e9 vice-pr\u00e9sident ex\u00e9cutif chez Leclanch\u00e9 (batteries de litium) et vice-pr\u00e9sident des ventes et du marketing chez Eastman Kodak, pour la r\u00e9gion EMEA. Actuellement, il occupe le poste de directeur g\u00e9n\u00e9ral chez <a href=\"https:\/\/www.avatarion.ch\/\"><b>Avatarion<\/b><\/a>, leader de la robotique humano\u00efde en Suisse. Ses solutions, comme Avatarkids, destin\u00e9e \u00e0 aider les enfants pendant leur long s\u00e9jour \u00e0 l\u2019h\u00f4pital, sont export\u00e9es dans le monde entier.<\/p>\n                <\/div>\n            <\/div>\n        <\/div>\n    <\/div>\n    <div class=\"content\">\n        <div class=\"card1\" style=\"background-image: url('https:\/\/digitalhealthconnect.ch\/wp-content\/uploads\/2023\/10\/Michael-Schumacher-1.png'); background-size: cover; background-position: center;\">\n            <div class=\"ora_txt\">\n                <h3>MICHAEL IGNAZ SCHUMACHER<\/h3>\n                <p>HES-SO Valais\/Wallis, Sierre<\/p>\n            <\/div>\n        <\/div>\n        <div class=\"card2\">\n            <div class=\"ora_around\">\n                <div class=\"ora-txt\">\n                    <h3>Professeur \u00e0 l'Institut Informatique de Gestion<\/h3>\n            <h6><em><a href=\"https:\/\/www.hevs.ch\/fr\/\">HES-SO Valais\/Wallis<\/a>, Sierre<\/em><\/h6>\n            <p>Professeur \u00e0 l\u2019Institut des Syst\u00e8mes d\u2019Information (HES-SO Valais-Wallis) depuis 2007, Michael Ignaz Schumacher dirige le <a href=\"https:\/\/www.hevs.ch\/fr\/\">Health Technology Innovation Center (HTIC)<\/a> et l\u2019<a href=\"https:\/\/www.hevs.ch\/fr\/\">Applied Intelligent Agents Lab (AISLab)<\/a>. Il a particip\u00e9 \u00e0 de nombreux projets appliqu\u00e9s nationaux et internationaux dans les domaines du diagnostic aux points de service, de la surveillance du diab\u00e8te \u00e0 l\u2019aide d\u2019applications de sant\u00e9 mobile (diab\u00e8te gestationnel, diab\u00e8te de type 1 et 2), de l\u2019aide \u00e0 la d\u00e9cision pour les m\u00e9decins g\u00e9n\u00e9ralistes, de l\u2019interop\u00e9rabilit\u00e9 s\u00e9mantique, de la technologie des cha\u00eenes de blocage en soins de sant\u00e9 et de l\u2019utilisation des chatbots pour la pr\u00e9vention.<\/p>\n                <\/div>\n            <\/div>\n        <\/div>\n    <\/div>\n    <div class=\"content\">\n        <div class=\"card1\" style=\"background-image: url('https:\/\/digitalhealthconnect.ch\/wp-content\/uploads\/2023\/10\/Guillaume_DuPasquier.jpg'); background-size: cover; background-position: center;\">\n            <div class=\"ora_txt\">\n                <h3>GUILLAUME DUPASQUIER<\/h3>\n                <p>DomoSafety, Lausanne<\/p>\n            <\/div>\n        <\/div>\n        <div class=\"card2\">\n            <div class=\"ora_around\">\n                <div class=\"ora-txt\">\n                    <h3>Directeur op\u00e9rationnel et co-fondateur<\/h3>\n            <h6><em><a href=\"https:\/\/safety.domo.health\/\">DomoSafety<\/a>, Lausanne<\/em><\/h6>\n            <p>Avec plus de 15 ans d\u2019exp\u00e9rience dans le d\u00e9veloppement international d\u2019entreprises multinationales et de start-ups, Guillaume DuPasquier est COO et co-fondateur de <a href=\"https:\/\/safety.domo.health\/\"><b>DomoSafety<\/b><\/a>. La start-up lausannoise est \u00e0 la pointe de l\u2019innovation dans le domaine de la surveillance et de l\u2019aide \u00e0 la d\u00e9cision pour les soins aux personnes \u00e2g\u00e9es. Ses solutions int\u00e8grent l\u2019intelligence artificielle, les dispositifs m\u00e9dicaux et l\u2019IdO sans fil, pour offrir aux personnes \u00e2g\u00e9es une s\u00e9curit\u00e9 et une qualit\u00e9 de soins, et aux soignants une qualit\u00e9 de travail et une productivit\u00e9.<\/p>\n                <\/div>\n            <\/div>\n        <\/div>\n    <\/div>\n     <div class=\"content\">\n        <div class=\"card1\" style=\"background-image: url('https:\/\/digitalhealthconnect.ch\/wp-content\/uploads\/2023\/10\/Maddalena-DiMeo-jury-854x1024-1.jpg'); background-size: cover; background-position: center;\">\n            <div class=\"ora_txt\">\n                <h3>MADDALENA DI MEO<\/h3>\n                <p>Baby &amp; Kids Care, Vevey<\/p>\n            <\/div>\n        <\/div>\n        <div class=\"card2\">\n            <div class=\"ora_around\">\n                <div class=\"ora-txt\">\n                    <h3>CEO et fondatrice<\/h3>\n            <h6><em><a href=\"https:\/\/agefi.com\/actualites\/entreprises\/baby-kids-care-un-nouvel-acteur-dans-la-telemedecine\">Baby &amp; Kids Care<\/a>, Vevey<\/em><\/h6>\n            <p>Infirmi\u00e8re de formation, Maddalena di Meo a un parcours hors du commun. Depuis 2011, elle g\u00e8re la soci\u00e9t\u00e9 <a href=\"https:\/\/firstmed.ch\/\"><b>FirstMed<\/b><\/a>, qui propose des cours de premiers secours au grand public. Nomm\u00e9e Femme entrepreneure de l\u2019ann\u00e9e en 2016, elle a \u00e9galement cr\u00e9\u00e9 sa start-up <a href=\"https:\/\/agefi.com\/actualites\/entreprises\/baby-kids-care-un-nouvel-acteur-dans-la-telemedecine\"><b>Baby &amp; Kids Care<\/b><\/a> afin de proposer au grand public des applications pour les urgences m\u00e9dicales (t\u00e9l\u00e9m\u00e9decine). Une visionnaire qui voudrait que chacun connaisse les gestes pour sauver des vies.<\/p>\n                <\/div>\n            <\/div>\n        <\/div>\n    <\/div>\n     <div class=\"content\">\n        <div class=\"card1\" style=\"background-image: url('https:\/\/digitalhealthconnect.ch\/wp-content\/uploads\/2023\/10\/Roland-Savioz.png'); background-size: cover; background-position: center;\">\n            <div class=\"ora_txt\">\n                <h3>ROLAND SAVIOZ<\/h3>\n                <p>ObeeOne, Sion<\/p>\n            <\/div>\n        <\/div>\n        <div class=\"card2\">\n            <div class=\"ora_around\">\n                <div class=\"ora-txt\">\n                    <h3>Directeur &amp; co-fondateur<\/h3>\n            <h6><em>ObeeOne, Sion (Suisse)<\/em><\/h6>\n            <p>La start-up ObeeOne, dirig\u00e9e par Roland Savioz, d\u00e9ploie des programmes de sant\u00e9 publique innovants: surpoids, s\u00e9dentarit\u00e9, sevrage tabagique. Roland Savioz est le concepteur du programme \u00abJ\u2019arr\u00eate de fumer\u00bb qui a multipli\u00e9 par 100 le nombre de participants \u00e0 un arr\u00eat de la cigarette. Actuellement, un programme de \u00abPerte de poids\u00bb est suivi par un groupe-test de 700 personnes. Sp\u00e9cialiste des m\u00e9dias sociaux et des nouvelles technologies num\u00e9riques, Roland Savioz con\u00e7oit et d\u00e9ploie des interventions de masse via les r\u00e9seaux sociaux, en couplant la force des nouvelles technologies et de l\u2019intelligence artificielle dans des op\u00e9rations de sant\u00e9 publique.<\/p>\n                <\/div>\n            <\/div>\n        <\/div>\n    <\/div>\n     <div class=\"content\">\n        <div class=\"card1\" style=\"background-image: url('https:\/\/digitalhealthconnect.ch\/wp-content\/uploads\/2023\/10\/Delphine-Roulet-Schwab.png'); background-size: cover; background-position: center;\">\n            <div class=\"ora_txt\">\n                <h3>DELPHINE ROULET SCHWAB<\/h3>\n                <p>Soci\u00e9t\u00e9 Suisse de G\u00e9rontologie, Berne<\/p>\n            <\/div>\n        <\/div>\n        <div class=\"card2\">\n            <div class=\"ora_around\">\n                <div class=\"ora-txt\">\n                    <h3>Pr\u00e9sidente<\/h3>\n            <h6><em>Soci\u00e9t\u00e9 Suisse de G\u00e9rontologie, Berne (Suisse)<\/em><\/h6>\n            <p>Delphine Roulet Schwab est docteure en psychologie (PhD) et professeure ordinaire \u00e0 <a href=\"https:\/\/www.ecolelasource.ch\/\">l\u2019Institut et HES de La Source<\/a> \u00e0 Lausanne. Elle est \u00e9galement pr\u00e9sidente de la <b>Soci\u00e9t\u00e9 Suisse de G\u00e9rontologie (SSG-SGG)<\/b> depuis 2017, pr\u00e9sidente d\u2019<a href=\"https:\/\/alter-ego.ch\/\">alter ego<\/a> (Association pour la pr\u00e9vention de la maltraitance envers les personnes \u00e2g\u00e9es) et pr\u00e9sidente de la plateforme nationale \u00ab Vieillir sans violence \u00bb. Elle a particip\u00e9 notamment \u00e0 des projets d\u2019innovation d\u2019ampleur comme \u00ab <a href=\"https:\/\/www.ecolelasource.ch\/projet-autonomie-2020\/\">Autonomie 2020<\/a> \u00bb sur les g\u00e9rontotechnologies ou encore l\u2019\u00e9tude \u00ab <a href=\"https:\/\/senior-lab.ch\/projets\/senior-living-lab\/\">Senior Living Lab : An interdisciplinary project in Western Switzerland<\/a> \u00bb, fruit d\u2019une collaboration entre 4 \u00e9coles romandes (La Source, l\u2019HEIG-VD, ECAL, l\u2019HEIA-FR et l\u2019ECAL).<\/p>\n                <\/div>\n            <\/div>\n        <\/div>\n    <\/div>\n    <div class=\"content\">\n        <div class=\"card1\" style=\"background-image: url('https:\/\/digitalhealthconnect.ch\/wp-content\/uploads\/2023\/10\/Frederic-Ehrler.png'); background-size: cover; background-position: center;\">\n            <div class=\"ora_txt\">\n                <h3>FR\u00c9D\u00c9RIC EHRLER<\/h3>\n                <p>HUG, Gen\u00e8ve<\/p>\n            <\/div>\n        <\/div>\n        <div class=\"card2\">\n            <div class=\"ora_around\">\n                <div class=\"ora-txt\">\n                    <h3>R&amp;D chef de groupe Interaction homme-machine et capteurs<\/h3>\n            <h6><em><a href=\"https:\/\/www.hug.ch\/\">H\u00f4pitaux Universitaires de Gen\u00e8ve<\/a>, Gen\u00e8ve (Suisse)<\/em><\/h6>\n            <p>Titulaire d\u2019un PhD en informatique, Fr\u00e9d\u00e9ric s\u2019int\u00e9resse \u00e0 l\u2019utilisation de technologies num\u00e9riques pour am\u00e9liorer l\u2019exp\u00e9rience des patients dans le syst\u00e8me de sant\u00e9. Il est actuellement responsable de coordonner le d\u00e9veloppement des futurs outils destin\u00e9s aux patients aux seins des <a href=\"https:\/\/www.hug.ch\/\">H\u00f4pitaux Universitaire de Gen\u00e8ve<\/a>. Partisan d\u2019une approche centr\u00e9e sur l\u2019utilisateur et fan de l\u2019utilisation de technologies innovantes, Fr\u00e9d\u00e9ric a d\u00e9velopp\u00e9 plusieurs produits qui ont modifi\u00e9s le rapport des patients avec le syst\u00e8me de soins, comme <a href=\"https:\/\/www.hug.ch\/sciences-linformation-medicale\/projets\">InfoKids<\/a>.<\/p>\n                <\/div>\n            <\/div>\n        <\/div>\n    <\/div>\n     <div class=\"content\">\n        <div class=\"card1\" style=\"background-image: url('https:\/\/digitalhealthconnect.ch\/wp-content\/uploads\/2023\/10\/Giovanni_Jorger.jpg'); background-size: cover; background-position: center;\">\n            <div class=\"ora_txt\">\n                <h3>GIOVANNI J\u00d6RGER<\/h3>\n                <p>Ofac, Gen\u00e8ve<\/p>\n            <\/div>\n        <\/div>\n        <div class=\"card2\">\n            <div class=\"ora_around\">\n                <div class=\"ora-txt\">\n                    <h3>Directeur marketing-vente<\/h3>\n            <h6><em><a href=\"https:\/\/www.ofac.ch\/fr\">Ofac<\/a>, Gen\u00e8ve (Suisse)<\/em><\/h6>\n            <p>Depuis plus de 20 ans au sein de l\u2019<a href=\"https:\/\/www.ofac.ch\/fr\">Ofac<\/a>, la coop\u00e9rative professionnelle des pharmaciens suisses, Giovanni Jorger est \u00e0 la t\u00eate d\u2019une \u00e9quipe de conseillers de vente. Principalement centr\u00e9e sur les prestations de facturation, avec pr\u00e8s de 15 millions de factures d\u00e9livr\u00e9es, sous son dynamisme, l\u2019Ofac propose aujourd\u2019hui une gamme \u00e9tendue de solutions permettant aux pharmaciens de gagner en efficience et de rentabilit\u00e9. Leader du march\u00e9 des syst\u00e8mes informatiques en pharmacie et en droguerie, l\u2019esprit d\u2019innovation qui anime la coop\u00e9rative a permis d\u2019anticiper les \u00e9volutions consid\u00e9rables qu\u2019\u00e0 connu le m\u00e9tier de pharmacien.<\/p>\n                <\/div>\n            <\/div>\n        <\/div>\n    <\/div>\n     <div class=\"content\">\n        <div class=\"card1\" style=\"background-image: url('https:\/\/digitalhealthconnect.ch\/wp-content\/uploads\/2023\/10\/Dominique-Germann.jpg'); background-size: cover; background-position: center;\">\n            <div class=\"ora_txt\">\n                <h3>DOMINIQUE GERMANN<\/h3>\n                <p>CMS de la r\u00e9gion de Sierre<\/p>\n            <\/div>\n        <\/div>\n        <div class=\"card2\">\n            <div class=\"ora_around\">\n                <div class=\"ora-txt\">\n                    <h3>Directeur<\/h3>\n            <h6><em><a href=\"https:\/\/www.cms-sierre.ch\/fr\">CMS de la r\u00e9gion de Sierre<\/a> (Suisse)<\/em><\/h6>\n            <p>Avec des d\u00e9buts en tant qu\u2019assistant social au <a href=\"https:\/\/www.cms-sierre.ch\/fr\"><b>CMS de la r\u00e9gion sierroise<\/b><\/a>, Dominique Germann est retourn\u00e9 \u00e0 ses origines. En effet, depuis 2004, il dirige l\u2019association intercommunale qui couvre une population d\u2019environ 50\u2019000 habitants et compte 390 collaborateurs. Membre de nombreuses commissions r\u00e9gionales et cantonales dans le domaine de la g\u00e9rontologie, Dominique Germann est \u00e9galement co-fondateur et membre du Groupe de travail G\u00e9rontechnologies de la Soci\u00e9t\u00e9 Suisse de G\u00e9rontologie. En 2017, il devient membre du Conseil d\u2019administration de l\u2019<a href=\"https:\/\/www.obsan.admin.ch\/fr\">Observatoire de la sant\u00e9<\/a>.<\/p>\n                <\/div>\n            <\/div>\n        <\/div>\n    <\/div>\n    <div class=\"content\">\n        <div class=\"card1\" style=\"background-image: url('https:\/\/digitalhealthconnect.ch\/wp-content\/uploads\/2023\/10\/Christophe-Bula.jpg'); background-size: cover; background-position: center;\">\n            <div class=\"ora_txt\">\n                <h3>CHRISTOPHE B\u00dcLA<\/h3>\n                <p>CHUV, Lausanne<\/p>\n            <\/div>\n        <\/div>\n        <div class=\"card2\">\n            <div class=\"ora_around\">\n                <div class=\"ora-txt\">\n                    <h3>Chef du Service de g\u00e9riatrie et de r\u00e9adaptation g\u00e9riatrique<\/h3>\n            <h6><em><a href=\"https:\/\/www.chuv.ch\/fr\/chuv-home\/\">CHUV<\/a>, Lausane (Suisse)<\/em><\/h6>\n            <p>Apr\u00e8s des \u00e9tudes de m\u00e9decine \u00e0 Lausanne et un FMH en m\u00e9decine interne, le Prof. Christophe B\u00fcla se sp\u00e9cialise dans la g\u00e9riatrie \u00e0 Los Angeles. Fin 2000 de retour au CHUV, il obtient un FMH en g\u00e9riatrie. Il prend ensuite la t\u00eate du <a href=\"https:\/\/www.chuv.ch\/fr\/geriatrie\/ger-home\/le-service-en-bref\/la-direction\/\">Service de g\u00e9riatrie et de r\u00e9adaptation g\u00e9riatrique<\/a>. Fortement impliqu\u00e9 dans l\u2019enseignement de la g\u00e9riatrie, Christophe B\u00fcla est \u00e9galement tr\u00e8s engag\u00e9 dans le d\u00e9veloppement de cette sp\u00e9cialit\u00e9 au niveau national et international.<\/p>\n                <\/div>\n            <\/div>\n        <\/div>\n    <\/div>\n     <div class=\"content\">\n        <div class=\"card1\" style=\"background-image: url('https:\/\/digitalhealthconnect.ch\/wp-content\/uploads\/2023\/10\/Gaby-Mittaz.png'); background-size: cover; background-position: center;\">\n            <div class=\"ora_txt\">\n                <h3>ANNE GABRIELLE MITTAZ HAGER<\/h3>\n                <p>HES SO Valais\/Wallis, Lo\u00e8che-Les-Bains<\/p>\n            <\/div>\n        <\/div>\n        <div class=\"card2\">\n            <div class=\"ora_around\">\n                <div class=\"ora-txt\">\n                    <h3>Professeur<\/h3>\n            <h6><em><a href=\"https:\/\/hevs.ch\/\">HES-SO Valais\/Wallis<\/a>, Lo\u00e8che-les-Bains (Suisse)<\/em><\/h6>\n            <p>Depuis 2005, Anne-Gabrielle Mittaz Hager est professeur \u00e0 la fili\u00e8re physioth\u00e9rapie de Lo\u00e8che-les-Bains. Ses activit\u00e9s de recherche portent sur l\u2019activit\u00e9 physique, la qualit\u00e9 de vie et la personne \u00e2g\u00e9e. Elle dirige depuis 2016 le projet de recherche interdisciplinaire Swiss CHEF Trial pour la pr\u00e9vention des chutes chez les personnes \u00e2g\u00e9es. Ce projet a obtenu \u00e0 2 reprises un prix de la <a href=\"https:\/\/www.leenaards.ch\/\">Fondation Leenaards<\/a>. Elle participe \u00e9galement au projet AAL \u00ab <a href=\"https:\/\/www.stayfitlonger.eu\/\">Stay-Fit-Longer<\/a> \u00bb qui se d\u00e9roule actuellement en Suisse, au Canada et en Belgique.<\/p>\n                <\/div>\n            <\/div>\n        <\/div>\n    <\/div>\n<\/div>\n<style>\n    .hidden {\n        opacity: 0;\n        z-index: -1;\n    }\n    .ora_container {\n        display: flex;\n        width: 100%;\n        justify-content: center;\n        flex-wrap: wrap;\n        gap: 30px;\n    }\n    .content {\n    }\n    .card1 {\n        height:600px;\n        width: 350px;\n        display: flex;\n        justify-content: center;\n        align-items: end;\n        transition: .5s all ease-in-out;\n        position: absolute;\n        border-radius: 10px;\n        \n    }\n    .ora_txt {\n        background-color: white;\n        width: 90%;\n        margin-bottom: 5%;\n        display: flex;\n        flex-direction: column;\n        text-align: center;\n    }\n    .ora_txt h3 {\n        margin-top: 0.5rem;\n        font-size: 16px;\n    }\n    .ora_txt p {\n        color: black;\n        font-size: 16px;\n\n    }\n    .ora_around {\n        text-align: center;\n    }\n    .ora-txt {\n        display: flex;\n        flex-direction: column;\n        text-align: center;\n        padding: 3% 5% 0 5%;\n    }\n    .ora-txt a{\n        color: #1779BA\n    }\n    .ora-txt h3{\n        color: black;\n        font-size: 18px;\n        \n    }\n    .ora-txt h6 {\n        color: black;\n        font-size: 16px;\n    }\n    .ora-txt p {\n        color: #888888;\n        font-size: 14px;\n        margin-bottom: 0px;\n    }\n    .card2 {\n        height: 600px;\n        width: 350px;\n        display: flex;\n        background-color: white;\n        align-items: center;\n        transition: .5s all ease-in-out;\n        z-index: 2;\n        border-radius: 10px;\n    }\n<\/style>\n<script>\n    \/\/ Get all elements with class 'card1' and 'card2'\n    const card1List = document.querySelectorAll('.card1');\n    const card2List = document.querySelectorAll('.card2');\n\n    \/\/ Loop through each pair\n    card1List.forEach((card1, index) =&gt; {\n        const card2 = card2List[index];\n        const card3 = card1List[index];\n\n        \/\/ Add mouseover event to card1\n        card3.addEventListener('mouseover', function () {\n            \/\/ Add a delay of 0.5 seconds before hiding card1\n                card1.classList.add('hidden');\n        });\n\n        \/\/ Add mouseout event to card2\n        card2.addEventListener('mouseout', function () {\n            \/\/ Remove the 'hidden' class immediately on mouseout\n                card1.classList.remove('hidden');\n        });\n    });\n<\/script>\t\t\t\t<\/div>\n\t\t\t\t<\/div>\n\t\t\t\t<div class=\"elementor-element elementor-element-280a335b elementor-widget elementor-widget-restly_button\" data-id=\"280a335b\" data-element_type=\"widget\" data-e-type=\"widget\" data-widget_type=\"restly_button.default\">\n\t\t\t\t<div class=\"elementor-widget-container\">\n\t\t\t\t\t        <div class=\"restly-button-wrapper\">\r\n            <div class=\"restly-button\">\r\n                <a href=\"https:\/\/digitalhealthconnect.ch\/inscription\/\" class=\"theme-btns gradient-btn-two\"  target=\"_blank\"  >Je m&#039;inscris !<\/a>\r\n            <\/div>\r\n        <\/div>\r\n        \t\t\t\t<\/div>\n\t\t\t\t<\/div>\n\t\t\t\t<div class=\"elementor-element elementor-element-202040 elementor-widget elementor-widget-spacer\" data-id=\"202040\" data-element_type=\"widget\" data-e-type=\"widget\" data-widget_type=\"spacer.default\">\n\t\t\t\t<div class=\"elementor-widget-container\">\n\t\t\t\t\t\t\t<div class=\"elementor-spacer\">\n\t\t\t<div class=\"elementor-spacer-inner\"><\/div>\n\t\t<\/div>\n\t\t\t\t\t\t<\/div>\n\t\t\t\t<\/div>\n\t\t\t\t\t<\/div>\n\t\t<\/div>\n\t\t\t\t\t<\/div>\n\t\t<\/section>\n\t\t\t\t<\/div>\n\t\t","protected":false},"excerpt":{"rendered":"<p>SPEAKERS 2019 Find out more about the speakers at Digital Health Connect 2019! BENJAMIN ERRETT Figure 1, Toronto Directeur senior de la marque Figure 1, Toronto (Canada) Benjamin Errett est directeur principal de la marque \u00e0 Figure 1, la plateforme mondiale de partage des connaissances pour les soins de sant\u00e9. Selon Wired, l\u2019entreprise \u00ab a [&hellip;]<\/p>\n","protected":false},"author":2,"featured_media":0,"parent":0,"menu_order":0,"comment_status":"closed","ping_status":"closed","template":"","meta":{"_monsterinsights_skip_tracking":false,"_monsterinsights_sitenote_active":false,"_monsterinsights_sitenote_note":"","_monsterinsights_sitenote_category":0,"footnotes":""},"class_list":["post-14587","page","type-page","status-publish","hentry"],"_links":{"self":[{"href":"https:\/\/digitalhealthconnect.ch\/en\/wp-json\/wp\/v2\/pages\/14587","targetHints":{"allow":["GET"]}}],"collection":[{"href":"https:\/\/digitalhealthconnect.ch\/en\/wp-json\/wp\/v2\/pages"}],"about":[{"href":"https:\/\/digitalhealthconnect.ch\/en\/wp-json\/wp\/v2\/types\/page"}],"author":[{"embeddable":true,"href":"https:\/\/digitalhealthconnect.ch\/en\/wp-json\/wp\/v2\/users\/2"}],"replies":[{"embeddable":true,"href":"https:\/\/digitalhealthconnect.ch\/en\/wp-json\/wp\/v2\/comments?post=14587"}],"version-history":[{"count":10,"href":"https:\/\/digitalhealthconnect.ch\/en\/wp-json\/wp\/v2\/pages\/14587\/revisions"}],"predecessor-version":[{"id":16544,"href":"https:\/\/digitalhealthconnect.ch\/en\/wp-json\/wp\/v2\/pages\/14587\/revisions\/16544"}],"wp:attachment":[{"href":"https:\/\/digitalhealthconnect.ch\/en\/wp-json\/wp\/v2\/media?parent=14587"}],"curies":[{"name":"wp","href":"https:\/\/api.w.org\/{rel}","templated":true}]}}